{"id":35,"date":"2025-03-01T11:01:46","date_gmt":"2025-03-01T10:01:46","guid":{"rendered":"http:\/\/actenn.fr\/?page_id=35"},"modified":"2025-03-01T18:40:33","modified_gmt":"2025-03-01T17:40:33","slug":"domaines-et-accompagnements","status":"publish","type":"page","link":"https:\/\/actenn.fr\/","title":{"rendered":"Nos domaines"},"content":{"rendered":"\n<div class=\"wp-block-media-text is-stacked-on-mobile\" style=\"grid-template-columns:49% auto\"><figure class=\"wp-block-media-text__media\"><img loading=\"lazy\" decoding=\"async\" width=\"960\" height=\"720\" src=\"https:\/\/actenn.fr\/wp-content\/uploads\/2023\/12\/Qvt2-2023.jpg\" alt=\"\" class=\"wp-image-1057 size-full\" srcset=\"https:\/\/actenn.fr\/wp-content\/uploads\/2023\/12\/Qvt2-2023.jpg 960w, https:\/\/actenn.fr\/wp-content\/uploads\/2023\/12\/Qvt2-2023-300x225.jpg 300w, https:\/\/actenn.fr\/wp-content\/uploads\/2023\/12\/Qvt2-2023-768x576.jpg 768w, https:\/\/actenn.fr\/wp-content\/uploads\/2023\/12\/Qvt2-2023-750x563.jpg 750w\" sizes=\"auto, (max-width: 960px) 100vw, 960px\" \/><\/figure><div class=\"wp-block-media-text__content\">\n<p>Un projet de Qualit\u00e9 de Vie et Conditions de travail (QVCT) ?<\/p>\n\n\n\n<div class=\"wp-block-buttons is-layout-flex wp-block-buttons-is-layout-flex\">\n<div class=\"wp-block-button is-style-outline is-style-outline--1\"><a class=\"wp-block-button__link has-pale-cyan-blue-background-color has-background wp-element-button\" href=\"https:\/\/actenn.fr\/?page_id=625\">En savoir plus <\/a><\/div>\n<\/div>\n<\/div><\/div>\n\n\n\n<div class=\"wp-block-media-text has-media-on-the-right is-stacked-on-mobile\"><div class=\"wp-block-media-text__content\">\n<p>Vous cherchez un partenaire en pr\u00e9vention des risques professionnels ? risques psychosociaux ? document unique ?<\/p>\n\n\n\n<div class=\"wp-block-buttons is-layout-flex wp-block-buttons-is-layout-flex\">\n<div class=\"wp-block-button is-style-outline is-style-outline--2\"><a class=\"wp-block-button__link has-luminous-vivid-amber-background-color has-background wp-element-button\" href=\"https:\/\/actenn.fr\/?page_id=86\">En savoir plus<\/a><\/div>\n<\/div>\n<\/div><figure class=\"wp-block-media-text__media\"><img loading=\"lazy\" decoding=\"async\" width=\"960\" height=\"720\" src=\"https:\/\/actenn.fr\/wp-content\/uploads\/2023\/12\/sst2023-2.jpg\" alt=\"\" class=\"wp-image-1056 size-full\" srcset=\"https:\/\/actenn.fr\/wp-content\/uploads\/2023\/12\/sst2023-2.jpg 960w, https:\/\/actenn.fr\/wp-content\/uploads\/2023\/12\/sst2023-2-300x225.jpg 300w, https:\/\/actenn.fr\/wp-content\/uploads\/2023\/12\/sst2023-2-768x576.jpg 768w, https:\/\/actenn.fr\/wp-content\/uploads\/2023\/12\/sst2023-2-750x563.jpg 750w\" sizes=\"auto, (max-width: 960px) 100vw, 960px\" \/><\/figure><\/div>\n\n\n\n<div class=\"wp-block-media-text is-stacked-on-mobile\"><figure class=\"wp-block-media-text__media\"><img loading=\"lazy\" decoding=\"async\" width=\"960\" height=\"720\" src=\"https:\/\/actenn.fr\/wp-content\/uploads\/2023\/12\/forma-2-2023.jpg\" alt=\"\" class=\"wp-image-1055 size-full\" srcset=\"https:\/\/actenn.fr\/wp-content\/uploads\/2023\/12\/forma-2-2023.jpg 960w, https:\/\/actenn.fr\/wp-content\/uploads\/2023\/12\/forma-2-2023-300x225.jpg 300w, https:\/\/actenn.fr\/wp-content\/uploads\/2023\/12\/forma-2-2023-768x576.jpg 768w, https:\/\/actenn.fr\/wp-content\/uploads\/2023\/12\/forma-2-2023-750x563.jpg 750w\" sizes=\"auto, (max-width: 960px) 100vw, 960px\" \/><\/figure><div class=\"wp-block-media-text__content\">\n<p>D\u00e9couvrez notre catalogue Formation<\/p>\n\n\n\n<div class=\"wp-block-buttons is-layout-flex wp-block-buttons-is-layout-flex\">\n<div class=\"wp-block-button is-style-outline is-style-outline--3\"><a class=\"wp-block-button__link has-pale-cyan-blue-background-color has-background wp-element-button\" href=\"https:\/\/actenn.fr\/?page_id=6\">En savoir plus<\/a><\/div>\n<\/div>\n<\/div><\/div>\n\n\n\n<h2 class=\"wp-block-heading\">Qui sommes nous ?<\/h2>\n\n\n\n<h4 class=\"wp-block-heading\">Nos comp\u00e9tences : <\/h4>\n\n\n\n<p>Depuis 20 ans Actenn conseille et forme les personnels d&rsquo;\u00e9tablissements priv\u00e9s comme publics en Bretagne.<\/p>\n\n\n\n<p>Les formations ou groupes d&rsquo;\u00e9changes sont anim\u00e9s par des intervenantes ayant la pratique du management d&rsquo;\u00e9quipe , pilotage d&rsquo;\u00e9tablissement, accompagnement du changement, animation, pr\u00e9vention des risques, qualit\u00e9 de vie au travail et connaissance de la psychologie du travail. <\/p>\n\n\n\n<p>Actenn est signataire de la charte pr\u00e9vention risques psychosociaux (RPS) port\u00e9e par la DREETS et \u00e0 ce titre est habilit\u00e9 pour la r\u00e9alisation des diagnostic RPS subventionn\u00e9 par la CARSAT sous condition.<\/p>\n\n\n\n<p>Actenn est membre du r\u00e9seau Breizh-IPRP et IPRP France (cr\u00e9\u00e9 en 2020) et lieu d&rsquo;\u00e9changes entre professionnels de la sant\u00e9 s\u00e9curit\u00e9 et de coop\u00e9ration et collaborations. Les intervenants en pr\u00e9vention des risques b\u00e9n\u00e9ficient du statut d&rsquo;IPRP (intervenant en pr\u00e9vention des risques).<\/p>\n\n\n\n<h4 class=\"wp-block-heading\"><strong>Partenaire d&rsquo;\u00e9coles sup\u00e9rieures et d&rsquo;universit\u00e9s.<\/strong><\/h4>\n\n\n\n<p>Il faut \u00e9couter la jeunesse, force de demain, partager les exp\u00e9riences cela enrichit les intervenants comme les stagiaires. Fort de son exp\u00e9rience Actenn partage avec les \u00e9tudiants (Bac +1 \u00e0 5),  professionnels de demain, son exp\u00e9rience, m\u00e9thodes, pratiques. <\/p>\n\n\n\n<p><\/p>\n\n\n\n<h2 class=\"wp-block-heading\">Nos valeurs ?<\/h2>\n\n\n\n<p>Respect, \u00c9coute, Professionnalisme, Soutien<\/p>\n\n\n\n<div class=\"wp-block-buttons is-layout-flex wp-block-buttons-is-layout-flex\">\n<div class=\"wp-block-button has-custom-width wp-block-button__width-50 is-style-outline is-style-outline--4\"><a class=\"wp-block-button__link wp-element-button\" href=\"tel:0662952784\">Appelez-nous<\/a><\/div>\n<\/div>\n","protected":false},"excerpt":{"rendered":"<p>Qui sommes nous ? Nos comp\u00e9tences : Depuis 20 ans Actenn conseille et forme les personnels d&rsquo;\u00e9tablissements priv\u00e9s comme publics en Bretagne. Les formations ou groupes d&rsquo;\u00e9changes sont anim\u00e9s par des intervenantes ayant la pratique du management d&rsquo;\u00e9quipe , pilotage d&rsquo;\u00e9tablissement, accompagnement du changement, animation, pr\u00e9vention des risques, qualit\u00e9 de vie au travail et connaissance&hellip;<a href=\"https:\/\/actenn.fr\/\" class=\"more-link\">Continue reading <span class=\"screen-reader-text\">Nos domaines<\/span><\/a><\/p>\n","protected":false},"author":1,"featured_media":0,"parent":0,"menu_order":1,"comment_status":"closed","ping_status":"closed","template":"page_fullwidth.php","meta":{"footnotes":""},"class_list":["post-35","page","type-page","status-publish","hentry"],"_links":{"self":[{"href":"https:\/\/actenn.fr\/index.php?rest_route=\/wp\/v2\/pages\/35","targetHints":{"allow":["GET"]}}],"collection":[{"href":"https:\/\/actenn.fr\/index.php?rest_route=\/wp\/v2\/pages"}],"about":[{"href":"https:\/\/actenn.fr\/index.php?rest_route=\/wp\/v2\/types\/page"}],"author":[{"embeddable":true,"href":"https:\/\/actenn.fr\/index.php?rest_route=\/wp\/v2\/users\/1"}],"replies":[{"embeddable":true,"href":"https:\/\/actenn.fr\/index.php?rest_route=%2Fwp%2Fv2%2Fcomments&post=35"}],"version-history":[{"count":84,"href":"https:\/\/actenn.fr\/index.php?rest_route=\/wp\/v2\/pages\/35\/revisions"}],"predecessor-version":[{"id":1089,"href":"https:\/\/actenn.fr\/index.php?rest_route=\/wp\/v2\/pages\/35\/revisions\/1089"}],"wp:attachment":[{"href":"https:\/\/actenn.fr\/index.php?rest_route=%2Fwp%2Fv2%2Fmedia&parent=35"}],"curies":[{"name":"wp","href":"https:\/\/api.w.org\/{rel}","templated":true}]}}